{"id":394,"date":"2014-07-26T10:45:42","date_gmt":"2014-07-26T08:45:42","guid":{"rendered":"http:\/\/apicona-data.thememount.com\/?page_id=394"},"modified":"2026-02-02T20:05:42","modified_gmt":"2026-02-02T20:05:42","slug":"o-nas","status":"publish","type":"page","link":"https:\/\/design.csdz.cz\/design\/","title":{"rendered":"O N\u00c1S"},"content":{"rendered":"<div class=\"wpb-content-wrapper\"><p>[vc_row css=&#8220;.vc_custom_1630655055270{background-color: #81d8f4 !important;}&#8220;][vc_column]<header class=\"thememount-heading-wrapper thememount-heading-wrapper-align-center\"><div class=\"thememount-heading-wrapper-inner\"><h3 class=\"thememount-heading-align-center\"><span>V\u00cdTEJTE NA NA\u0160ICH STR\u00c1NK\u00c1CH!<\/span><\/h3><\/div><\/header>[vc_cta h2=&#8220;Na\u0161e programy pro v\u00e1s spolufinancovan\u00e9 s Hl. M\u011bstem Praha&#8220; h4=&#8220;Program pro dobr\u00e9 zdrav\u00ed, Prevence d\u011bt\u00ed du\u0161evn\u011b nemocn\u00fdch rodi\u010d\u016f, Individu\u00e1ln\u00ed i skupinovou terapi\u00ed k prevenci recidivy depres\u00ed a pos\u00edlen\u00ed sebed\u016fv\u011bry&#8220; shape=&#8220;round&#8220; style=&#8220;flat&#8220; color=&#8220;orange&#8220; add_button=&#8220;right&#8220; btn_title=&#8220;NAV\u0160TIVTE N\u00c1S&#8220; btn_size=&#8220;lg&#8220; btn_i_icon_fontawesome=&#8220;fa fa-solid fa-hands&#8220; btn_css_animation=&#8220;fadeInRight&#8220; add_icon=&#8220;left&#8220; i_icon_fontawesome=&#8220;fa fa-solid fa-handshake-angle&#8220; css_animation=&#8220;left-to-right&#8220; css=&#8220;&#8220; btn_add_icon=&#8220;true&#8220; btn_link=&#8220;url:https%3A%2F%2Fdesign.csdz.cz%2Fdesign%2Fpublicita|title:Publicita|target:_blank&#8220; i_link=&#8220;url:https%3A%2F%2Fdesign.csdz.cz%2Fdesign%2Fpublicita|title:Publicita&#8220;][\/vc_cta][vc_gallery interval=&#8220;3&#8243; images=&#8220;4600,4634,4871,4601,4872,4815,4635,2884,4816,4636,4873&#8243; img_size=&#8220;1920x&#8220; onclick=&#8220;&#8220; css=&#8220;&#8220;][vc_empty_space height=&#8220;12&#8243;][vc_cta h2=&#8220;Selhal p\u0159\u00edstup k du\u0161evn\u00edm chorob\u00e1m zalo\u017een\u00fd na u\u017e\u00edv\u00e1n\u00ed medikace?&#8220; h4=&#8220;Rozhovor Johna Horgana s Robertem Whitakerem pro Scientific American, ze 17. \u0159\u00edjna 2020&#8243; shape=&#8220;round&#8220; style=&#8220;flat&#8220; color=&#8220;mulled-wine&#8220; add_button=&#8220;right&#8220; btn_title=&#8220;ROZHOVOR ZDE&#8220; btn_size=&#8220;lg&#8220; btn_i_icon_fontawesome=&#8220;fa fa-file-text-o&#8220; add_icon=&#8220;left&#8220; i_icon_fontawesome=&#8220;fa fa-pencil&#8220; css_animation=&#8220;left-to-right&#8220; btn_add_icon=&#8220;true&#8220; btn_link=&#8220;url:http%3A%2F%2Fwww.csdz.cz%2Fsvepomoc-a-destigmatizace%2F||target:%20_blank&#8220;]<\/p>\n<p style=\"font-weight: 400;\"><span style=\"color: #ffffff;\"><strong>Novin\u00e1\u0159 Robert Whitaker se v\u00edce ne\u017e kdy jindy ob\u00e1v\u00e1, \u017ee psychiatrick\u00e1 medikace p\u0159in\u00e1\u0161\u00ed v\u00edce \u0161kody ne\u017e u\u017eitku.<\/strong><\/span><\/p>\n<p style=\"font-weight: 400;\"><span lang=\"CS\" style=\"color: #ffffff;\">D\u011bkujeme redakci Scientific American za povolen\u00ed k\u00a0publikaci. <\/span><\/p>\n<p>[\/vc_cta][vc_empty_space height=&#8220;6px&#8220;][vc_cta h2=&#8220;Metodika zakl\u00e1d\u00e1n\u00ed sv\u00e9pomocn\u00fdch skupin&#8220; h4=&#8220;Dokument metodiky naleznete v \u010dl\u00e1nku&#8220; shape=&#8220;round&#8220; style=&#8220;flat&#8220; color=&#8220;blue&#8220; add_button=&#8220;right&#8220; btn_title=&#8220;METODIKA&#8220; btn_size=&#8220;lg&#8220; btn_i_icon_fontawesome=&#8220;fa fa-file-text-o&#8220; add_icon=&#8220;left&#8220; i_icon_fontawesome=&#8220;fa fa-eye&#8220; i_color=&#8220;white&#8220; css_animation=&#8220;left-to-right&#8220; btn_add_icon=&#8220;true&#8220; btn_link=&#8220;url:http%3A%2F%2Fwww.csdz.cz%2Fsvepomoc-a-destigmatizace%2F||target:%20_blank&#8220;]<\/p>\n<p style=\"font-weight: 400;\"><span style=\"color: #ffffff;\">Metodika zakl\u00e1d\u00e1n\u00ed sv\u00e9pomocn\u00fdch skupin je p\u0159ehledn\u00fd dokument, ve kter\u00e9m z\u00faro\u010dujeme sedm let \u00fasp\u011b\u0161n\u00e9ho \u017eivota skupiny GPS, kter\u00e1 vznikla v roce 2016 pod k\u0159\u00eddly \u010cesk\u00e9 spole\u010dnosti pro du\u0161evn\u00ed zdrav\u00ed. \u010clenov\u00e9 skupiny \u0159\u00edkaj\u00ed srozumiteln\u011b, jak\u00e9 jsou v\u00fdhody setk\u00e1v\u00e1n\u00ed a sd\u00edlen\u00ed a co jim skupina p\u0159in\u00e1\u0161\u00ed. Obsahem metodiky jsou i dal\u0161\u00ed inspirace, zejm\u00e9na z Nizozemska, kter\u00e9 pom\u00e1haj\u00ed rozumn\u00e9mu vytvo\u0159en\u00ed a uspo\u0159\u00e1d\u00e1n\u00ed pr\u016fb\u011bhu sv\u00e9pomocn\u00fdch skupin. Doporu\u010dujeme k prostudov\u00e1n\u00ed v\u0161em peer\u016fm, kte\u0159\u00ed p\u0159em\u00fd\u0161lej\u00ed o zalo\u017een\u00ed vlastn\u00ed sv\u00e9pomocn\u00e9 skupiny.<\/span><\/p>\n<p>[\/vc_cta][vc_empty_space height=&#8220;6px&#8220;][\/vc_column][\/vc_row][vc_row css=&#8220;.vc_custom_1414828319936{padding-bottom: 35px !important;}&#8220;][vc_column]<header class=\"thememount-heading-wrapper thememount-heading-wrapper-align-center\"><div class=\"thememount-heading-wrapper-inner\"><h2 class=\"thememount-heading-align-center\"><span>OPERA\u010cN\u00cd PROGRAM PRAHA - P\u00d3L R\u016eSTU \u010cR<\/span><\/h2><\/div><p class=\"thememount-subheading\">V na\u0161\u00ed \u010dinnosti navazujeme na \u00fasp\u011b\u0161n\u00fd projekt \u010cesk\u00e9 spole\u010dnosti pro du\u0161evn\u00ed zdrav\u00ed podpo\u0159en\u00fd v r\u00e1mci Opera\u010dn\u00edho programu Praha - p\u00f3l r\u016fstu \u010cR s n\u00e1zvem N\u00edzkoprahov\u00e9 komunitn\u00ed centrum Zvona\u0159ova pro integraci lid\u00ed s du\u0161evn\u00edm onemocn\u011bn\u00edm (KC Zvona\u0159ova).<\/p>\n<p>Obdob\u00ed realizace: 1. 9. 2021 - 31. 8. 2023<\/p><\/header><header class=\"thememount-heading-wrapper thememount-heading-wrapper-align-left\"><div class=\"thememount-heading-wrapper-inner\"><h3 class=\"thememount-heading-align-left\"><span><\/span><\/h3><\/div><p class=\"thememount-subheading\">Vytvo\u0159ili jsme n\u00edzkoprahov\u00e9 komunitn\u00ed centrum Zvona\u0159ova, kter\u00e9 nab\u00eddlo otev\u0159en\u00fd prostor pro setk\u00e1v\u00e1n\u00ed lid\u00ed s du\u0161evn\u00edm onemocn\u011bn\u00edm. C\u00edlem projektu bylo p\u0159isp\u011bt k pos\u00edlen\u00ed soci\u00e1ln\u00ed soudr\u017enosti a aktivizovat lidi z na\u0161\u00ed c\u00edlov\u00e9 skupiny p\u0159\u00edmo v m\u00edstn\u00ed komunit\u011b. Hlavn\u00ed inova\u010dn\u00ed my\u0161lenkou je zapojen\u00ed klient\u016f do \u010dinnost\u00ed centra a posilov\u00e1n\u00ed v\u00edry v mo\u017enost zotaven\u00ed. \u0160lo n\u00e1m o to naj\u00edt cestu ke zvy\u0161ov\u00e1n\u00ed samostatnosti a sob\u011bsta\u010dnosti lid\u00ed s du\u0161evn\u00edmi probl\u00e9my.<br \/>\nM\u00edsto realizace projektu: \u010cesk\u00e1 spole\u010dnost pro du\u0161evn\u00ed zdrav\u00ed, Zvona\u0159ova 6, Praha 3.<\/p><\/header>[vc_empty_space height=&#8220;10&#8243;][vc_empty_space height=&#8220;10&#8243;]<header class=\"thememount-heading-wrapper thememount-heading-wrapper-align-left\"><div class=\"thememount-heading-wrapper-inner\"><h3 class=\"thememount-heading-align-left\"><span>Jak\u00e9 aktivity projekt realizoval?<\/span><\/h3><\/div><\/header><section class=\"thememount-servicebox thememount-servicebox-lefticonspacing  none \"><div class=\"thememount-servicebox-title-wrapper\"><i class=\"thememount-icon tmicon-fa-thumbs-o-up icon-size-large icon-align-left thememount-ibgcolor thememount-ibgcolor-skincolor\"><\/i><h2 class=\"thememount-servicebox-title\">1. VZD\u011aL\u00c1VAC\u00cd, TR\u00c9NINKOV\u00c9 A SOCI\u00c1LN\u011a KULTURN\u00cd AKTIVITY<\/h2><h4 class=\"thememount-servicebox-subtitle\">Peer Job Club \u2013 t\u0159\u00edhodinov\u00e9 dopoledn\u00ed setk\u00e1v\u00e1n\u00ed s peery nad t\u00e9maty z\u00edsk\u00e1v\u00e1n\u00ed a udr\u017een\u00ed si pr\u00e1ce, siln\u00e9 str\u00e1nky a sd\u00edlen\u00ed pracovn\u00edch zku\u0161enost\u00ed. (Vedl Michal Ka\u0161par a V\u00edt\u011bzslava \u010celikovsk\u00e1). Mozkov\u00e1 posilovna \u2013 celodenn\u00ed program, skupinov\u00fd a individu\u00e1ln\u00ed, zam\u011b\u0159en\u00fd na tr\u00e9nink kognitivn\u00edch funkc\u00ed, pam\u011bti a soust\u0159ed\u011bn\u00ed. (Vedla Manuela Haug)<\/h4><div class=\"thememount-servicebox-content\"><p>C\u00edlem t\u00e9to aktivity je poskytnout lidem s du\u0161evn\u00edm onemocn\u011bn\u00edm nab\u00eddku program\u016f zam\u011b\u0159en\u00fdch na z\u00edsk\u00e1n\u00ed takov\u00fdch kompetenc\u00ed a dovednost\u00ed, kter\u00e9 jim umo\u017en\u00ed snaz\u0161\u00ed a efektivn\u011bj\u0161\u00ed zapojen\u00ed do spole\u010densk\u00e9ho \u017eivota p\u0159edev\u0161\u00edm v oblasti zam\u011bstnanosti, respektive zam\u011bstnavatelnosti.<\/p><\/div><\/div><\/section><section class=\"thememount-servicebox thememount-servicebox-lefticonspacing  none \"><div class=\"thememount-servicebox-title-wrapper\"><i class=\"thememount-icon tmicon-fa-circle-o icon-size-large icon-align-left thememount-ibgcolor thememount-ibgcolor-skincolor\"><\/i><h2 class=\"thememount-servicebox-title\">2. KOMUNITN\u00cd SOCI\u00c1LN\u00cd PR\u00c1CE<\/h2><h4 class=\"thememount-servicebox-subtitle\">Individu\u00e1ln\u00ed podpora soci\u00e1ln\u00ed a peersk\u00e1. (Vedla Lenka Fl\u00e1\u0161arov\u00e1 a B\u0159etislav Ko\u0161\u0165\u00e1l)<\/h4><div class=\"thememount-servicebox-content\"><p>Komunitn\u00ed soci\u00e1ln\u00ed pr\u00e1ce je \u00fa\u010dinn\u00fd zp\u016fsob pomoci, kter\u00fd za\u010dle\u0148uje lidi s du\u0161evn\u00edm onemocn\u011bn\u00edm do b\u011b\u017en\u00e9ho \u017eivota. Spolu s dal\u0161\u00edmi aktivitami projektu vytv\u00e1\u0159\u00ed komplexn\u00ed p\u00e9\u010di nutnou k zotaven\u00ed a soci\u00e1ln\u00ed integraci lid\u00ed s du\u0161evn\u00edm onemocn\u011bn\u00edm a soci\u00e1ln\u00ed soudr\u017enosti na \u00farovni m\u00edstn\u00ed komunity.<\/p><\/div><\/div><\/section><section class=\"thememount-servicebox thememount-servicebox-lefticonspacing  none \"><div class=\"thememount-servicebox-title-wrapper\"><i class=\"thememount-icon tmicon-fa-child icon-size-large icon-align-left thememount-ibgcolor thememount-ibgcolor-skincolor\"><\/i><h2 class=\"thememount-servicebox-title\">3. KLUB RODI\u010c\u016e S D\u011aTMI<\/h2><h4 class=\"thememount-servicebox-subtitle\">Kdy? 1kr\u00e1t ve st\u0159edu v m\u011bs\u00edci od 17,00 hod. dle dohody<\/h4><div class=\"thememount-servicebox-content\"><p>Tato aktivita je zac\u00edlena na podporu rodi\u010d\u016f, kte\u0159\u00ed se pot\u00fdkaj\u00ed s celou \u0159adou pot\u00ed\u017e\u00ed, zp\u016fsoben\u00fdch jejich du\u0161evn\u00edm onemocn\u011bn\u00edm. Z\u00e1rove\u0148 je nab\u00eddkou pro jejich d\u011bti jako preventivn\u00ed program s c\u00edlem jejich v\u010dasn\u00e9 diagnostiky a n\u00e1sledn\u00fdm doporu\u010den\u00edm vhodn\u00e9ho dal\u0161\u00edho postupu.<\/p><\/div><\/div><\/section><section class=\"thememount-servicebox thememount-servicebox-lefticonspacing  none \"><div class=\"thememount-servicebox-title-wrapper\"><i class=\"thememount-icon tmicon-fa-comments icon-size-large icon-align-left thememount-ibgcolor thememount-ibgcolor-skincolor\"><\/i><h2 class=\"thememount-servicebox-title\">4. DESTIGMATIZA\u010cN\u00cd AKTIVITY<\/h2><div class=\"thememount-servicebox-content\"><p>C\u00edlem t\u00e9to aktivity je otev\u0159\u00edt dve\u0159e ve\u0159ejnosti, aby se du\u0161evn\u00ed zdrav\u00ed stalo b\u011b\u017en\u00fdm t\u00e9matem a nebylo tabuizov\u00e1no. Klademe si za c\u00edl p\u016fsobit osv\u011btov\u011b nejen v r\u00e1mci problematiky du\u0161evn\u00edho zdrav\u00ed, ale chceme b\u00fdt komunitn\u00edm (kulturn\u00edm) centrem s vymezenou aktivitou a ur\u010dit\u00fdm penzem spole\u010densk\u00fdch ud\u00e1lost\u00ed.<\/p><\/div><\/div><\/section><section class=\"thememount-servicebox thememount-servicebox-lefticonspacing  none \"><div class=\"thememount-servicebox-title-wrapper\"><i class=\"thememount-icon tmicon-fa-certificate icon-size-large icon-align-left thememount-ibgcolor thememount-ibgcolor-skincolor\"><\/i><h2 class=\"thememount-servicebox-title\">5. PODPORA SPOLE\u010cENSK\u00c9HO VY\u017dIT\u00cd A ZDRAV\u00c9HO \u017dIVOTN\u00cdHO STYLU<\/h2><div class=\"thememount-servicebox-content\"><p>C\u00edlem t\u00e9to aktivity je propojen\u00ed p\u00e9\u010de o fyzick\u00e9 i psychick\u00e9 zdrav\u00ed, rozv\u00edjen\u00ed spoluodpov\u011bdnosti klient\u016f nejen za sv\u00e9 zdrav\u00ed, ale i za vynakl\u00e1d\u00e1n\u00ed prost\u0159edk\u016f p\u0159\u00edm\u00e9 podpory a tak\u00e9 za rozhodov\u00e1n\u00ed o tom, jak nalo\u017e\u00ed se spole\u010dn\u00fdmi pen\u011bzi a s voln\u00fdm \u010dasem. Jedn\u00e1 se d\u00e1le i o vzd\u011bl\u00e1v\u00e1n\u00ed klient\u016f v oblasti p\u00e9\u010de o t\u011blesn\u00e9 zdrav\u00ed, u\u010den\u00ed se princip\u016fm zdrav\u00e9ho \u017eivotn\u00edho stylu.<\/p>\n<p>Aktivity:<br \/>\n\u2022 Kurz kondi\u010dn\u00edho cvi\u010den\u00ed s prvky j\u00f3gy, \u010dtvrtek 14,00 \u2013 15,30 hod.<br \/>\n\u2022 Va\u0159en\u00ed a zdrav\u00e9 stravov\u00e1n\u00ed, \u00fater\u00fd 11,00 \u2013 14,00 hod.<br \/>\n\u2022 Volno\u010dasov\u00e9 pohybov\u00e9 aktivity (tr\u00e9nink stoln\u00edho tenisu), \u00fater\u00fd 14,00 \u2013 16,30 hod.<br \/>\n\u2022 V\u00fdlety o v\u00edkendech<\/p><\/div><\/div><\/section>[vc_empty_space height=&#8220;10&#8243;][vc_empty_space height=&#8220;10&#8243;]<header class=\"thememount-heading-wrapper thememount-heading-wrapper-align-left\"><div class=\"thememount-heading-wrapper-inner\"><h3 class=\"thememount-heading-align-left\"><span><\/span><\/h3><\/div><p class=\"thememount-subheading\">Na na\u0161ich str\u00e1nk\u00e1ch pravideln\u011b informujeme o r\u016fzn\u00fdch akc\u00edch a p\u0159\u00edpadn\u00fdch zm\u011bn\u00e1ch.<\/p>\n<p>Na tento velkorys\u00fd projekt navazuje \u010dinnost \u010cesk\u00e9 spole\u010dnosti pro du\u0161evn\u00ed zdrav\u00ed i nad\u00e1le, zejm\u00e9na d\u00edky podpo\u0159e Magistr\u00e1tu hl. m. Prahy a na\u0161ich sponzor\u016f.<\/p>\n<p>Novou aktivitou je od roku 2023 Skupina zotaven\u00ed, kterou vede Michal Ka\u0161par a Kate\u0159ina M\u00e1lkov\u00e1. Tato skupinov\u00e1 aktivita je otev\u0159en\u00e1 pro ve\u0159ejnost, zejm\u00e9na pro lidi se zku\u0161enost\u00ed s du\u0161evn\u00edm onemocn\u011bn\u00edm, kte\u0159\u00ed se cht\u011bj\u00ed dozv\u011bd\u011bt v\u00edc o konceptu zotaven\u00ed. Sou\u010d\u00e1st\u00ed tohoto ve\u010dern\u00edho programu (\u00fater\u00fd 18:00 \u2013 20:30) je pr\u00e1ce s p\u0159elo\u017een\u00fdm motiva\u010dn\u00edm textem z knihy The Trail is the Thing.<\/p><\/header><!-- Group Active -->\n\t<div class=\"thememount-client-wrapper container thememount-client-view-default thememount-client-column-two thememount-effect-default thememount-carousel-col-two thememount-with-pagination\"  ><div class=\"row multi-columns-row thememount-clients thememount-carousel-items-wrapper\"><div class=\"col-lg-6 col-sm-6 col-md-6 col-xs-12 tm-box\"><a href=\"javascript:void(0);\"  title=\"Logolink_EU_MHMP\"><img loading=\"lazy\" decoding=\"async\" width=\"1977\" height=\"445\" src=\"https:\/\/design.csdz.cz\/design\/wp-content\/uploads\/2014\/07\/Logolink_EU_MHMP_ochranna-zona.png\" class=\"attachment-full size-full wp-post-image\" alt=\"\" srcset=\"https:\/\/design.csdz.cz\/design\/wp-content\/uploads\/2014\/07\/Logolink_EU_MHMP_ochranna-zona.png 1977w, https:\/\/design.csdz.cz\/design\/wp-content\/uploads\/2014\/07\/Logolink_EU_MHMP_ochranna-zona-300x68.png 300w, https:\/\/design.csdz.cz\/design\/wp-content\/uploads\/2014\/07\/Logolink_EU_MHMP_ochranna-zona-1024x230.png 1024w, https:\/\/design.csdz.cz\/design\/wp-content\/uploads\/2014\/07\/Logolink_EU_MHMP_ochranna-zona-768x173.png 768w, https:\/\/design.csdz.cz\/design\/wp-content\/uploads\/2014\/07\/Logolink_EU_MHMP_ochranna-zona-1536x346.png 1536w\" sizes=\"auto, (max-width: 1977px) 100vw, 1977px\" \/><\/a><\/div>\n\t<\/div><\/div>[\/vc_column][\/vc_row][vc_row css=&#8220;.vc_custom_1630657870670{padding-bottom: 35px !important;background-color: rgba(239,243,244,0.66) !important;*background-color: rgb(239,243,244) !important;}&#8220;][vc_column][vc_empty_space height=&#8220;10&#8243;]<header class=\"thememount-heading-wrapper thememount-heading-wrapper-align-center\"><div class=\"thememount-heading-wrapper-inner\"><h2 class=\"thememount-heading-align-center\"><span>\u010cESK\u00c1 SPOLE\u010cNOST PRO DU\u0160EVN\u00cd ZDRAV\u00cd<\/span><\/h2><\/div><p class=\"thememount-subheading\">U\u017e p\u0159es 20 let pom\u00e1h\u00e1me lidem, kte\u0159\u00ed se setkali s du\u0161evn\u00edm onemocn\u011bn\u00edm i t\u011bm, kte\u0159\u00ed se dostali do psychick\u00e9 krize nebo za\u017eili stres a vy\u010derp\u00e1n\u00ed. Na\u0161e pomoc spo\u010d\u00edv\u00e1 v poskytov\u00e1n\u00ed slu\u017eeb, jako jsou nap\u0159\u00edklad soci\u00e1ln\u00ed a psychiatrick\u00e1 poradna. Poradny nab\u00edzej\u00ed konkr\u00e9tn\u00ed podporu ve va\u0161\u00ed snaze naj\u00edt pomoc a spole\u010dn\u011b hledat \u0159e\u0161en\u00ed v\u00e1m \u0161it\u00e9 na m\u00edru. Mimo tuto pomoc d\u00e1v\u00e1me prostor pro sd\u00edlen\u00ed zku\u0161enost\u00ed, nab\u00edz\u00edme podp\u016frn\u00e9 setk\u00e1v\u00e1n\u00ed ve skupin\u011b pod veden\u00edm zku\u0161en\u00fdch terapeut\u016f a tak\u00e9 aktivity pro voln\u00fd \u010das. Chceme t\u00edm dos\u00e1hnout minimalizace n\u00e1sledk\u016f du\u0161evn\u00edho onemocn\u011bn\u00ed a usnadnit lidem, kte\u0159\u00ed s n\u00e1mi spolupracuj\u00ed, n\u00e1vrat do b\u011b\u017en\u00e9ho \u017eivota.<\/p><\/header>[vc_empty_space height=&#8220;10&#8243;][vc_empty_space height=&#8220;10&#8243;][vc_row_inner][vc_column_inner width=&#8220;1\/3&#8243;]<section class=\"thememount-servicebox thememount-servicebox-lefticonspacing  none \"><div class=\"thememount-servicebox-title-wrapper\"><i class=\"thememount-icon tmicon-fa-thumbs-o-up icon-size-large icon-align-left thememount-ibgcolor thememount-ibgcolor-skincolor\"><\/i><h2 class=\"thememount-servicebox-title\">VST\u0158\u00cdCNOST<\/h2><div class=\"thememount-servicebox-content\"><p>Nepot\u0159ebujete \u017e\u00e1dn\u00e1 doporu\u010den\u00ed, zaru\u010dujeme diskr\u00e9tnost, spolupr\u00e1ce je nez\u00e1vazn\u00e1, mo\u017enost anonymity, osobn\u00ed p\u0159\u00edstup.<\/p><\/div><\/div><\/section>[\/vc_column_inner][vc_column_inner width=&#8220;1\/3&#8243;]<section class=\"thememount-servicebox thememount-servicebox-lefticonspacing  none \"><div class=\"thememount-servicebox-title-wrapper\"><i class=\"thememount-icon tmicon-fa-location-arrow icon-size-large icon-align-left thememount-ibgcolor thememount-ibgcolor-skincolor\"><\/i><h2 class=\"thememount-servicebox-title\">ROZMANITOST POHLED\u016e<\/h2><div class=\"thememount-servicebox-content\"><p>V pom\u00e1haj\u00edc\u00edm t\u00fdmu je: psychoterapeut, soci\u00e1ln\u00ed pracovn\u00edk, l\u00e9ka\u0159 a peer pracovn\u00edk.<\/p><\/div><\/div><\/section>[\/vc_column_inner][vc_column_inner width=&#8220;1\/3&#8243;]<section class=\"thememount-servicebox thememount-servicebox-lefticonspacing  none \"><div class=\"thememount-servicebox-title-wrapper\"><i class=\"thememount-icon tmicon-fa-cog icon-size-large icon-align-left thememount-ibgcolor thememount-ibgcolor-skincolor\"><\/i><h2 class=\"thememount-servicebox-title\">BEZPE\u010c\u00cd<\/h2><div class=\"thememount-servicebox-content\"><p>Vl\u00eddn\u00e9 p\u0159ijet\u00ed, respekt k druh\u00e9mu, d\u016fstojn\u00e9 prost\u0159ed\u00ed, kde jsou jasn\u011b stanoven\u00e9 hranice.<\/p><\/div><\/div><\/section>[\/vc_column_inner][\/vc_row_inner]<header class=\"thememount-heading-wrapper thememount-heading-wrapper-align-center\"><div class=\"thememount-heading-wrapper-inner\"><h2 class=\"thememount-heading-align-center\"><span>NA\u0160E AKTIVITY PRO \u0160IROKOU VE\u0158EJNOST<\/span><\/h2><\/div><p class=\"thememount-subheading\">Slu\u017eby dopl\u0148uj\u00ed aktivity pro \u0161irokou ve\u0159ejnost. Po\u0159\u00e1d\u00e1me p\u0159edn\u00e1\u0161ky, kter\u00e9 zvy\u0161uj\u00ed informovanost o du\u0161evn\u00edm zdrav\u00ed. Do p\u0159edn\u00e1\u0161ek se vedle odborn\u00edk\u016f zapojuj\u00ed peer lekto\u0159i, tedy lid\u00e9 s vlastn\u00ed zku\u0161enos\u00ed s du\u0161evn\u00edm onemocn\u011bn\u00edm.<br \/>\nM\u016f\u017eete se p\u0159ij\u00edt pod\u00edvat i na v\u00fdstavy, koncerty a slavnostn\u00ed ud\u00e1losti.<\/p><\/header>[vc_empty_space height=&#8220;10&#8243;][vc_empty_space height=&#8220;10&#8243;][vc_single_image image=&#8220;2177&#8243; img_size=&#8220;large&#8220; alignment=&#8220;center&#8220;][vc_separator][\/vc_column][\/vc_row][vc_row css=&#8220;.vc_custom_1608127080434{background: #90e6f5 url(http:\/\/www.csdz.cz\/wp-content\/uploads\/2020\/09\/dandelion-445228-3.jpg?id=3858) !important;}&#8220;][vc_column][vc_cta h2=&#8220;Videa ke shl\u00e9dnut\u00ed z workshopu na t\u00e9ma Sv\u00e9pomoc a peerstv\u00ed&#8220; shape=&#8220;square&#8220; style=&#8220;custom&#8220; add_button=&#8220;right&#8220; btn_title=&#8220;VIDEA KE SHL\u00c9DNUT\u00cd&#8220; btn_color=&#8220;sky&#8220; btn_size=&#8220;lg&#8220; btn_css_animation=&#8220;right-to-left&#8220; add_icon=&#8220;left&#8220; i_type=&#8220;openiconic&#8220; i_icon_openiconic=&#8220;vc-oi vc-oi-exchange&#8220; i_color=&#8220;sky&#8220; css_animation=&#8220;left-to-right&#8220; css=&#8220;&#8220; custom_background=&#8220;#DEF4FA&#8220; custom_text=&#8220;#515151&#8243; btn_link=&#8220;url:http%3A%2F%2Fwww.csdz.cz%2Fvidea-z-dvoudenniho-workshopu-na-tema-svepomoc-a-peerstvi%2F||&#8220;]<\/p>\n<div>Zve\u0159ej\u0148ujeme prvn\u00ed \u010dty\u0159i p\u0159\u00edsp\u011bvky z na\u0161eho on-line workshopu\u00a0<strong>Sv\u00e9pomoc a peerstv\u00ed<\/strong>\u00a0konan\u00e9m ve dnech 21. \u2013 22. 10. 2020.<\/div>\n<h5 dir=\"auto\"><\/h5>\n<p>[\/vc_cta][\/vc_column][\/vc_row][vc_row css=&#8220;.vc_custom_1442776359923{background-color: #90e6f5 !important;}&#8220;][vc_column]<header class=\"thememount-heading-wrapper thememount-heading-wrapper-align-center\"><div class=\"thememount-heading-wrapper-inner\"><h3 class=\"thememount-heading-align-center\"><span>REGISTRACE \u010cSDZ<\/span><\/h3><\/div><p class=\"thememount-subheading\">\u010cSDZ m\u00e1 od roku 2007 registrovanou soci\u00e1ln\u00ed slu\u017ebu podle \u00a766 z\u00e1kona 108\/2006 Sb., o soci\u00e1ln\u00edch slu\u017eb\u00e1ch (registra\u010dn\u00ed \u010d\u00edslo 4506418). Poskytuje psychosoci\u00e1ln\u00ed slu\u017eby pro du\u0161evn\u011b nemocn\u00e9 ob\u010dany a lidi v z\u00e1va\u017en\u00e9 psychick\u00e9 krizi.<\/p><\/header>[\/vc_column][\/vc_row][vc_row css=&#8220;.vc_custom_1440671483110{background-color: rgba(178,220,232,0.14) !important;*background-color: rgb(178,220,232) !important;}&#8220;][vc_column]<header class=\"thememount-heading-wrapper thememount-heading-wrapper-align-center\"><div class=\"thememount-heading-wrapper-inner\"><h3 class=\"thememount-heading-align-center\"><span>NA\u0160E PORADNY PRO V\u00c1S<\/span><\/h3><\/div><\/header><section class=\"thememount-servicebox thememount-servicebox-lefticon wpb_animate_when_almost_visible wpb_left-to-right wpb_start_animation none \"><div class=\"thememount-servicebox-title-wrapper\"><i class=\"thememount-icon tmicon-fa-adjust icon-size-large icon-align-left thememount-ibgcolor thememount-ibgcolor-skincolor\"><\/i><h2 class=\"thememount-servicebox-title\">PSYCHIATRICK\u00c1 PORADNA<\/h2><div class=\"thememount-servicebox-content\"><p>Zdarma psychiatrick\u00e9 konzultace, mapov\u00e1n\u00ed konkr\u00e9tn\u00edch probl\u00e9m\u016f, hled\u00e1n\u00ed \u0159e\u0161en\u00ed \u0161it\u00fdch na m\u00edru. Nejedn\u00e1 se o klasickou psychiatrickou ambulanci.<\/p><\/div><\/div><\/section><section class=\"thememount-servicebox thememount-servicebox-lefticon wpb_animate_when_almost_visible wpb_left-to-right wpb_start_animation none \"><div class=\"thememount-servicebox-title-wrapper\"><i class=\"thememount-icon tmicon-fa-bullseye icon-size-large icon-align-left thememount-ibgcolor thememount-ibgcolor-skincolor\"><\/i><h2 class=\"thememount-servicebox-title\">SOCI\u00c1LN\u011a PR\u00c1VN\u00cd PORADNA<\/h2><div class=\"thememount-servicebox-content\"><p>Informace o d\u00e1vk\u00e1ch, doprvod na \u00fa\u0159ady, zprost\u0159edkov\u00e1n\u00ed kontaktu se spole\u010densk\u00fdm prost\u0159edn\u00edm, pomoc p\u0159i obhajob\u011b pr\u00e1v.<\/p><\/div><\/div><\/section><section class=\"thememount-servicebox thememount-servicebox-lefticon wpb_animate_when_almost_visible wpb_left-to-right wpb_start_animation none \"><div class=\"thememount-servicebox-title-wrapper\"><i class=\"thememount-icon tmicon-fa-certificate icon-size-large icon-align-left thememount-ibgcolor thememount-ibgcolor-skincolor\"><\/i><h2 class=\"thememount-servicebox-title\">PSYCHOSOCI\u00c1LN\u00cd PORADNA<\/h2><div class=\"thememount-servicebox-content\"><p>Pomoc p\u0159i obstar\u00e1v\u00e1n\u00ed osobn\u00edch z\u00e1le\u017eitost\u00ed, p\u0159i udr\u017eov\u00e1n\u00ed vz\u00e1jemn\u011b prosp\u011b\u0161n\u00fdch vztah\u016f.<\/p><\/div><\/div><\/section><section class=\"thememount-servicebox thememount-servicebox-lefticon  none \"><div class=\"thememount-servicebox-title-wrapper\"><i class=\"thememount-icon tmicon-fa-clock-o icon-size-large icon-align-left thememount-ibgcolor thememount-ibgcolor-skincolor\"><\/i><h2 class=\"thememount-servicebox-title\">PROVOZN\u00cd DOBA SOCI\u00c1LN\u00cd SLU\u017dBY<\/h2><h4 class=\"thememount-servicebox-subtitle\">(pros\u00edme objednat se na vstupn\u00ed pohovor na tel. \u010d\u00edsle: 774 448 333)<\/h4><div class=\"thememount-servicebox-content\"><p>Ambulantn\u00ed slu\u017eba:<br \/>\nPond\u011bl\u00ed: 9,00 \u2013 17,00<br \/>\n\u00dater\u00fd: 14,00 \u2013 19,00<br \/>\nSt\u0159eda: 13,00 \u2013 17,00<br \/>\n\u010ctvrtek: 13,00 \u2013 17,00<br \/>\nP\u00e1tek: 13,30 \u2013 17,00<\/p>\n<p>Ter\u00e9nn\u00ed slu\u017eba:<br \/>\nPond\u011bl\u00ed: 14,00 \u2013 17,00\/nebo podle aktu\u00e1ln\u00ed pot\u0159eby<br \/>\n\u00dater\u00fd: 14,00 \u2013 17,00\/nebo podle aktu\u00e1ln\u00ed pot\u0159eby<\/p><\/div><\/div><\/section>[vc_empty_space height=&#8220;35&#8243;]\n\t<div class=\"thememount-team-wrapper thememount-effect-carousel thememount-items-col-three thememount-carousel-col-three\"  data-autoplay=\"1\" data-autoplayspeed=\"1000\" data-autoplaytimeout=\"4500\" data-loop=\"1\">\n\t<header class=\"thememount-heading-wrapper thememount-heading-wrapper-align-center\"><div class=\"thememount-heading-wrapper-inner\"><h2 class=\"thememount-heading-align-center\"><span>N\u00c1\u0160 T\u00ddM<\/span><\/h2><\/div><p class=\"thememount-subheading\">veden\u00ed spole\u010dnosti a spolupracovn\u00edci<\/p><div class=\"thememount-carousel-controls-inner\"><a href=\"javascript:void(0)\" class=\"thememount-carousel-prev\"><span class=\"wpb_button\"><i class=\"tmicon-fa-angle-left\"><\/i><\/span><\/a><a href=\"javascript:void(0)\" class=\"thememount-carousel-next\"><span class=\"wpb_button\"><i class=\"tmicon-fa-angle-right\"><\/i><\/span><\/a><\/div><\/header><div class=\" thememount-items-wrapper thememount-carousel-items-wrapper\">\n\t<div class=\"thememount-team-box tm-box col-lg-4 col-sm-6 col-md-4 col-xs-12\"><div class=\"thememount-team-img\"><img loading=\"lazy\" decoding=\"async\" width=\"959\" height=\"1264\" src=\"https:\/\/design.csdz.cz\/design\/wp-content\/uploads\/2021\/10\/image-1.jpeg\" class=\"attachment-full size-full wp-post-image\" alt=\"\" srcset=\"https:\/\/design.csdz.cz\/design\/wp-content\/uploads\/2021\/10\/image-1.jpeg 959w, https:\/\/design.csdz.cz\/design\/wp-content\/uploads\/2021\/10\/image-1-228x300.jpeg 228w, https:\/\/design.csdz.cz\/design\/wp-content\/uploads\/2021\/10\/image-1-777x1024.jpeg 777w, https:\/\/design.csdz.cz\/design\/wp-content\/uploads\/2021\/10\/image-1-768x1012.jpeg 768w\" sizes=\"auto, (max-width: 959px) 100vw, 959px\" \/><\/div><!-- .thememount-team-img --><div class=\"thememount-team-data\"><h3 class=\"thememount-team-title\">Manuela Haug<\/h3><h4 class=\"thememount-team-position\">Tren\u00e9rka kognitivn\u00edch schopnost\u00ed a asertivity<\/h4>Manuela Haug je psycholo\u017eka, kter\u00e1 p\u016fvodn\u011b poch\u00e1z\u00ed z\u00a0ji\u017en\u00edch \u010cech. B\u011bhem studia ve V\u00eddni se zam\u011b\u0159ovala p\u0159edev\u0161\u00edm na klinickou psychologii a psychologii zdrav\u00ed. V\u00a0\u010cSDZ p\u016fsob\u00ed jako tren\u00e9rka kognitivn\u00edch schopnost\u00ed a asertivity. Krom\u011b toho se anga\u017euje v\u00a0oblasti destigmatizace lid\u00ed s\u00a0du\u0161evn\u00edm onemocn\u011bn\u00edm v\u00a0r\u00e1mci iniciativy NA ROVINU.<div class=\"thememount-team-cat-links\"><a href=\"https:\/\/design.csdz.cz\/design\/Skupina\/terapeut\" rel=\"tag\">Terapeut<\/a><\/div><\/div>\n\t<\/div>\n\t<div class=\"thememount-team-box tm-box col-lg-4 col-sm-6 col-md-4 col-xs-12\"><div class=\"thememount-team-img\"><img loading=\"lazy\" decoding=\"async\" width=\"1747\" height=\"1678\" src=\"https:\/\/design.csdz.cz\/design\/wp-content\/uploads\/2021\/10\/image.jpeg\" class=\"attachment-full size-full wp-post-image\" alt=\"\" srcset=\"https:\/\/design.csdz.cz\/design\/wp-content\/uploads\/2021\/10\/image.jpeg 1747w, https:\/\/design.csdz.cz\/design\/wp-content\/uploads\/2021\/10\/image-300x288.jpeg 300w, https:\/\/design.csdz.cz\/design\/wp-content\/uploads\/2021\/10\/image-1024x984.jpeg 1024w, https:\/\/design.csdz.cz\/design\/wp-content\/uploads\/2021\/10\/image-768x738.jpeg 768w, https:\/\/design.csdz.cz\/design\/wp-content\/uploads\/2021\/10\/image-1536x1475.jpeg 1536w\" sizes=\"auto, (max-width: 1747px) 100vw, 1747px\" \/><\/div><!-- .thememount-team-img --><div class=\"thememount-team-data\"><h3 class=\"thememount-team-title\">V\u00edt\u011bzslava \u010celikovsk\u00e1<\/h3><h4 class=\"thememount-team-position\">Peer konzultantka<\/h4>\u017diji s du\u0161evn\u00edm onemocn\u011bn\u00edm u\u017e 20 let. Nyn\u00ed pracuji jako peer konzultantka v Dobr\u00e9m m\u00edst\u011b. R\u00e1da se setk\u00e1v\u00e1m s lidmi, kte\u0159\u00ed znaj\u00ed podobn\u00e9 probl\u00e9my jako j\u00e1, ale maj\u00ed i jin\u00e9 zku\u0161enosti. V Peer Job Clubu chci svou dosavadn\u00ed pr\u00e1ci z\u00faro\u010dit. Mezi m\u00e9 kon\u00ed\u010dky pat\u0159\u00ed kreslen\u00ed, ru\u010dn\u00ed pr\u00e1ce, zahr\u00e1dka a \u010detba, r\u00e1da poslouch\u00e1m rozhlas.<div class=\"thememount-team-cat-links\"><a href=\"https:\/\/design.csdz.cz\/design\/Skupina\/peer\" rel=\"tag\">Peer<\/a><\/div><\/div>\n\t<\/div>\n\t<div class=\"thememount-team-box tm-box col-lg-4 col-sm-6 col-md-4 col-xs-12\"><div class=\"thememount-team-img\"><img loading=\"lazy\" decoding=\"async\" width=\"200\" height=\"200\" src=\"https:\/\/design.csdz.cz\/design\/wp-content\/uploads\/2021\/09\/image.jpeg\" class=\"attachment-full size-full wp-post-image\" alt=\"\" srcset=\"https:\/\/design.csdz.cz\/design\/wp-content\/uploads\/2021\/09\/image.jpeg 200w, https:\/\/design.csdz.cz\/design\/wp-content\/uploads\/2021\/09\/image-150x150.jpeg 150w\" sizes=\"auto, (max-width: 200px) 100vw, 200px\" \/><\/div><!-- .thememount-team-img --><div class=\"thememount-team-data\"><h3 class=\"thememount-team-title\">Jan Havl\u00ed\u010dek<\/h3><h4 class=\"thememount-team-position\">Instruktor volno\u010dasov\u00fdch aktivity<\/h4>[vc_row][vc_column][vc_column_text]Ahoj, zdrav\u00ed v\u00e1s Honza, je mi 41 let, pracuji v Bohnic\u00edch na Dobr\u00e9m m\u00edst\u011b, mezi m\u00e9 kon\u00ed\u010dky pat\u0159\u00ed kytara, kn\u00ed\u017eky a b\u011bh\u00e1n\u00ed, r\u00e1d cestuji, jako d\u00edt\u011b jsem \u017eil 4 roky v Japonsku. T\u011b\u0161\u00edm se na zaj\u00edmav\u00e9 va\u0159en\u00ed a pozn\u00e1v\u00e1n\u00ed nov\u00fdch chut\u00ed v programu Pizza nebo jdeme ven?&#8230; M\u00e1m r\u00e1d asijskou kuchyni.[\/vc_column_text][\/vc_column][\/vc_row]<div class=\"thememount-team-cat-links\"><a href=\"https:\/\/design.csdz.cz\/design\/Skupina\/volnocasove-aktivity\" rel=\"tag\">Volno\u010dasov\u00e9 aktivity<\/a><\/div><\/div>\n\t<\/div>\n\t<div class=\"thememount-team-box tm-box col-lg-4 col-sm-6 col-md-4 col-xs-12\"><div class=\"thememount-team-img\"><img loading=\"lazy\" decoding=\"async\" width=\"667\" height=\"529\" src=\"https:\/\/design.csdz.cz\/design\/wp-content\/uploads\/2017\/06\/image.jpeg\" class=\"attachment-full size-full wp-post-image\" alt=\"\" srcset=\"https:\/\/design.csdz.cz\/design\/wp-content\/uploads\/2017\/06\/image.jpeg 667w, https:\/\/design.csdz.cz\/design\/wp-content\/uploads\/2017\/06\/image-300x238.jpeg 300w\" sizes=\"auto, (max-width: 667px) 100vw, 667px\" \/><div class=\"thememount-team-social-links\"><ul><li class=\"thememount-social-email\"><a href=\"mailto:pavla.martinkova79@gmail.com\" title=\"Email\"><i class=\"tmicon-fa-envelope-o\"><\/i><\/a><\/li><\/ul><\/div><\/div><!-- .thememount-team-img --><div class=\"thememount-team-data\"><h3 class=\"thememount-team-title\">Pavla Mart\u00ednkov\u00e1<\/h3><h4 class=\"thememount-team-position\">terapeut a tren\u00e9r pam\u011bti<\/h4>Pavla Mart\u00ednkov\u00e1 (1979), pracuje jako terapeut a tren\u00e9r pam\u011bti. Od roku 2003 p\u016fsob\u00ed v pom\u00e1haj\u00edc\u00edch organizac\u00edch na drogovou problematiku, pozd\u011bji se zam\u011b\u0159en\u00edm na du\u0161evn\u00ed onemocn\u011bn\u00ed, zejm\u00e9na schizofrenii. Pracovala t\u00e9\u017e jako terapeut na krizov\u00e9 Lince Psychopomoci pro lidi s du\u0161evn\u00edm onemocn\u011bn\u00edm. V sou\u010dasnosti  absolvuje SUR - sebezku\u0161enostn\u00ed psychoterapeutick\u00fd v\u00fdcvik zam\u011b\u0159en\u00fd na hlubinnou psychoterapii. V \u010cSDZ vede tr\u00e9ning kognitivn\u00edch funkc\u00ed a psychosoci\u00e1ln\u00ed poradenstv\u00ed.<\/div>\n\t<\/div>\n\t<div class=\"thememount-team-box tm-box col-lg-4 col-sm-6 col-md-4 col-xs-12\"><div class=\"thememount-team-img\"><img loading=\"lazy\" decoding=\"async\" width=\"555\" height=\"394\" src=\"https:\/\/design.csdz.cz\/design\/wp-content\/uploads\/2017\/03\/image.jpeg\" class=\"attachment-full size-full wp-post-image\" alt=\"\" srcset=\"https:\/\/design.csdz.cz\/design\/wp-content\/uploads\/2017\/03\/image.jpeg 555w, https:\/\/design.csdz.cz\/design\/wp-content\/uploads\/2017\/03\/image-300x213.jpeg 300w\" sizes=\"auto, (max-width: 555px) 100vw, 555px\" \/><div class=\"thememount-team-social-links\"><ul><li class=\"thememount-social-email\"><a href=\"mailto:michalkaspar@centrum.cz\" title=\"Email\"><i class=\"tmicon-fa-envelope-o\"><\/i><\/a><\/li><\/ul><\/div><\/div><!-- .thememount-team-img --><div class=\"thememount-team-data\"><h3 class=\"thememount-team-title\">Michal Ka\u0161par<\/h3><h4 class=\"thememount-team-position\">peer lektor<\/h4>Michal Ka\u0161par (1973) je peer lektor se zku\u0161enost\u00ed s divadlem a muzikou.\r\nV \u010cSDZ zalo\u017eil v roce 2016 sv\u00e9pomocnou skupinu s n\u00e1zvem GPS.\r\nZotaven\u00ed - recovery se prol\u00edn\u00e1 jeho \u017eivotem a prac\u00ed. Pracuje\r\nve Studiu 27, kde rozv\u00edj\u00ed sv\u00e9 novin\u00e1\u0159sk\u00e9 schopnosti. Krom\u011b toho\r\nse \u00fa\u010dastn\u00ed divadeln\u00edch, filma\u0159sk\u00fdch, vzd\u011bl\u00e1vac\u00edch a destigmatiza\u010dn\u00edch\r\nprojekt\u016f. R\u00e1d textuje, bav\u00ed se a uva\u017euje, zp\u00edv\u00e1 a hraje, m\u00e1 toho\r\nhodn\u011b na srdci a n\u011bkdy i na jazyku.<div class=\"thememount-team-cat-links\"><a href=\"https:\/\/design.csdz.cz\/design\/Skupina\/gps-svepomocna-skupina\" rel=\"tag\">GPS - sv\u00e9pomocn\u00e1 skupina<\/a> &nbsp; &middot; &nbsp; <a href=\"https:\/\/design.csdz.cz\/design\/Skupina\/peer\" rel=\"tag\">Peer<\/a><\/div><\/div>\n\t<\/div>\n\t<div class=\"thememount-team-box tm-box col-lg-4 col-sm-6 col-md-4 col-xs-12\"><div class=\"thememount-team-img\"><img loading=\"lazy\" decoding=\"async\" width=\"2560\" height=\"1702\" src=\"https:\/\/design.csdz.cz\/design\/wp-content\/uploads\/2017\/03\/image-1-scaled.jpeg\" class=\"attachment-full size-full wp-post-image\" alt=\"\" srcset=\"https:\/\/design.csdz.cz\/design\/wp-content\/uploads\/2017\/03\/image-1-scaled.jpeg 2560w, https:\/\/design.csdz.cz\/design\/wp-content\/uploads\/2017\/03\/image-1-300x199.jpeg 300w, https:\/\/design.csdz.cz\/design\/wp-content\/uploads\/2017\/03\/image-1-1024x681.jpeg 1024w, https:\/\/design.csdz.cz\/design\/wp-content\/uploads\/2017\/03\/image-1-768x511.jpeg 768w, https:\/\/design.csdz.cz\/design\/wp-content\/uploads\/2017\/03\/image-1-1536x1021.jpeg 1536w, https:\/\/design.csdz.cz\/design\/wp-content\/uploads\/2017\/03\/image-1-2048x1362.jpeg 2048w\" sizes=\"auto, (max-width: 2560px) 100vw, 2560px\" \/><div class=\"thememount-team-social-links\"><ul><li class=\"thememount-social-email\"><a href=\"mailto:psycholog.pp@gmail.com\" title=\"Email\"><i class=\"tmicon-fa-envelope-o\"><\/i><\/a><\/li><\/ul><\/div><\/div><!-- .thememount-team-img --><div class=\"thememount-team-data\"><h3 class=\"thememount-team-title\">Pavel Pavlovsk\u00fd<\/h3><h4 class=\"thememount-team-position\">vedouc\u00ed Programu pro rodi\u010de s psychick\u00fdm onemocn\u011bn\u00edm a jejich d\u011bti, psycholog<\/h4>Mgr. et Mgr .Pavel Pavlovsk\u00fd\r\nVystudoval jednooborovou psychologii na FF UK v Praze, d\u0159\u00edve t\u00e9\u017e \u017eurnalistiku na FSV UK. Absolvoval kompletn\u00ed daseinsanalytick\u00fd psychoterapeutick\u00fd v\u00fdcvik. V sou\u010dasn\u00e9 dob\u011b je doktorandem na kated\u0159e filosofie Pedagogick\u00e9 fakulty UK v Praze, kde se zab\u00fdv\u00e1 fenom\u00e9nem du\u0161evn\u00ed nemoci. Je \u010dlenem \u010cesk\u00e9 daseinsanalytick\u00e9 spole\u010dnosti a rovn\u011b\u017e lektorem psychoterapeutick\u00fdch v\u00fdcvik\u016f v daseinanalytick\u00e9m sm\u011bru. Ve sv\u00e9 klinick\u00e9 praxi se v\u011bnuje p\u0159ev\u00e1\u017en\u011b individu\u00e1ln\u00ed a skupinov\u00e9 psychoterapii. V minulosti se specializoval na psychoterapeutickou pr\u00e1ci s pacienty se schizofreni\u00ed. V \u010cesk\u00e9 spole\u010dnosti pro du\u0161evn\u00ed zdrav\u00ed p\u016fsob\u00ed jako psycholog, PR pracovn\u00edk, vede spole\u010dn\u011b s dal\u0161\u00edmi kolegy Program pro rodi\u010de s psychick\u00fdm onemocn\u011bn\u00edm a jejich d\u011bti.<div class=\"thememount-team-cat-links\"><a href=\"https:\/\/design.csdz.cz\/design\/Skupina\/prevence-deti-dusevne-nemocnych-rodicu\" rel=\"tag\">Prevence d\u011bt\u00ed du\u0161evn\u011b nemocn\u00fdch rodi\u010d\u016f<\/a><\/div><\/div>\n\t<\/div>\n\t<div class=\"thememount-team-box tm-box col-lg-4 col-sm-6 col-md-4 col-xs-12\"><div class=\"thememount-team-img\"><img loading=\"lazy\" decoding=\"async\" width=\"1276\" height=\"837\" src=\"https:\/\/design.csdz.cz\/design\/wp-content\/uploads\/2014\/09\/Katka_G1.jpg\" class=\"attachment-full size-full wp-post-image\" alt=\"\" srcset=\"https:\/\/design.csdz.cz\/design\/wp-content\/uploads\/2014\/09\/Katka_G1.jpg 1276w, https:\/\/design.csdz.cz\/design\/wp-content\/uploads\/2014\/09\/Katka_G1-300x197.jpg 300w, https:\/\/design.csdz.cz\/design\/wp-content\/uploads\/2014\/09\/Katka_G1-1024x672.jpg 1024w, https:\/\/design.csdz.cz\/design\/wp-content\/uploads\/2014\/09\/Katka_G1-768x504.jpg 768w\" sizes=\"auto, (max-width: 1276px) 100vw, 1276px\" \/><div class=\"thememount-team-social-links\"><ul><li class=\"thememount-social-email\"><a href=\"mailto:glasova@csdz.cz\" title=\"Email\"><i class=\"tmicon-fa-envelope-o\"><\/i><\/a><\/li><\/ul><\/div><\/div><!-- .thememount-team-img --><div class=\"thememount-team-data\"><h3 class=\"thememount-team-title\">Kate\u0159ina Gl\u00e1slov\u00e1<\/h3><h4 class=\"thememount-team-position\">veden\u00ed spole\u010dnosti, psychiatr a terapeut, psychiatrick\u00e1 poradna<\/h4>Kate\u0159ina Gl\u00e1slov\u00e1 (1972, Praha)\r\n\r\nje psychiatr a terapeut s dvacetiletou prax\u00ed. V \u010cesk\u00e9 spole\u010dnosti pro du\u0161evn\u00ed zdrav\u00ed pracuje od roku 2006. Po ukon\u010den\u00ed l\u00e9ka\u0159sk\u00e9 fakulty pro\u0161la \u0159adou zdravotnick\u00fdch za\u0159\u00edzen\u00ed, zab\u00fdvaj\u00edc\u00edch se p\u00e9\u010d\u00ed o du\u0161evn\u00ed pot\u00ed\u017ee. Vede psychiatrickou poradnu, pod\u00edl\u00ed se na veden\u00ed terapeutick\u00fdch skupin. Je odborn\u00fdm garantem na\u0161ich projekt\u016f, osobn\u011b se pod\u00edl\u00ed na realizaci terapeutick\u00e9 podpory du\u0161evn\u011b nemocn\u00fdch rodi\u010d\u016f a jejich d\u011bt\u00ed.<div class=\"thememount-team-cat-links\"><a href=\"https:\/\/design.csdz.cz\/design\/Skupina\/prevence-deti-dusevne-nemocnych-rodicu\" rel=\"tag\">Prevence d\u011bt\u00ed du\u0161evn\u011b nemocn\u00fdch rodi\u010d\u016f<\/a> &nbsp; &middot; &nbsp; <a href=\"https:\/\/design.csdz.cz\/design\/Skupina\/terapeut\" rel=\"tag\">Terapeut<\/a> &nbsp; &middot; &nbsp; <a href=\"https:\/\/design.csdz.cz\/design\/Skupina\/terapie-a-prevence\" rel=\"tag\">Terapie a prevence<\/a><\/div><\/div>\n\t<\/div>\n\t<div class=\"thememount-team-box tm-box col-lg-4 col-sm-6 col-md-4 col-xs-12\"><div class=\"thememount-team-img\"><img loading=\"lazy\" decoding=\"async\" width=\"1701\" height=\"1849\" src=\"https:\/\/design.csdz.cz\/design\/wp-content\/uploads\/2014\/07\/image.jpeg\" class=\"attachment-full size-full wp-post-image\" alt=\"\" srcset=\"https:\/\/design.csdz.cz\/design\/wp-content\/uploads\/2014\/07\/image.jpeg 1701w, https:\/\/design.csdz.cz\/design\/wp-content\/uploads\/2014\/07\/image-276x300.jpeg 276w, https:\/\/design.csdz.cz\/design\/wp-content\/uploads\/2014\/07\/image-942x1024.jpeg 942w, https:\/\/design.csdz.cz\/design\/wp-content\/uploads\/2014\/07\/image-768x835.jpeg 768w, https:\/\/design.csdz.cz\/design\/wp-content\/uploads\/2014\/07\/image-1413x1536.jpeg 1413w\" sizes=\"auto, (max-width: 1701px) 100vw, 1701px\" \/><div class=\"thememount-team-social-links\"><ul><li class=\"thememount-social-email\"><a href=\"mailto:delflenka@gmail.com\" title=\"Email\"><i class=\"tmicon-fa-envelope-o\"><\/i><\/a><\/li><\/ul><\/div><\/div><!-- .thememount-team-img --><div class=\"thememount-team-data\"><h3 class=\"thememount-team-title\">Lenka Fl\u00e1\u0161arov\u00e1<\/h3><h4 class=\"thememount-team-position\">veden\u00ed spole\u010dnosti, soci\u00e1ln\u00ed pracovnice, lektorka<\/h4>Lenka Fl\u00e1\u0161arov\u00e1 (1957, Brno) je vzd\u011bl\u00e1n\u00edm ekonomka (V\u0160E Praha). B\u011bhem p\u016fsoben\u00ed v\u00a0\u010cesk\u00e9 spole\u010dnosti pro du\u0161evn\u00ed zdrav\u00ed pro\u0161la kurzy soci\u00e1ln\u00ed pracovn\u00edk v\u00a0soci\u00e1ln\u00edch slu\u017eb\u00e1ch, absolvovala tak kurz lektorsk\u00fdch dovednost\u00ed na pozici pracovn\u00edk s\u00a0vlastn\u00ed zku\u0161enost\u00ed. D\u00e1le pracuje jako peer poradce v\u00a0internetov\u00e9 poradn\u011b Stopstigma. Vedle organiza\u010dn\u011b ekonomick\u00fdch \u010dinnost\u00ed p\u016fsob\u00ed v\u00a0\u010cSDZ jako soci\u00e1ln\u00ed pracovn\u00edk a lektor kurz\u016f<div class=\"thememount-team-cat-links\"><a href=\"https:\/\/design.csdz.cz\/design\/Skupina\/terapie-a-prevence\" rel=\"tag\">Terapie a prevence<\/a><\/div><\/div>\n\t<\/div>\n\t<div class=\"thememount-team-box tm-box col-lg-4 col-sm-6 col-md-4 col-xs-12\"><div class=\"thememount-team-img\"><img loading=\"lazy\" decoding=\"async\" width=\"1276\" height=\"837\" src=\"https:\/\/design.csdz.cz\/design\/wp-content\/uploads\/2014\/09\/Jika_L1.jpg\" class=\"attachment-full size-full wp-post-image\" alt=\"\" srcset=\"https:\/\/design.csdz.cz\/design\/wp-content\/uploads\/2014\/09\/Jika_L1.jpg 1276w, https:\/\/design.csdz.cz\/design\/wp-content\/uploads\/2014\/09\/Jika_L1-300x197.jpg 300w, https:\/\/design.csdz.cz\/design\/wp-content\/uploads\/2014\/09\/Jika_L1-1024x672.jpg 1024w, https:\/\/design.csdz.cz\/design\/wp-content\/uploads\/2014\/09\/Jika_L1-768x504.jpg 768w\" sizes=\"auto, (max-width: 1276px) 100vw, 1276px\" \/><div class=\"thememount-team-social-links\"><ul><li class=\"thememount-social-email\"><a href=\"mailto:jiri.ledvinka@post.cz\" title=\"Email\"><i class=\"tmicon-fa-envelope-o\"><\/i><\/a><\/li><\/ul><\/div><\/div><!-- .thememount-team-img --><div class=\"thememount-team-data\"><h3 class=\"thememount-team-title\">Ji\u0159\u00ed Ledvinka<\/h3><h4 class=\"thememount-team-position\">volno\u010dasov\u00e9 aktivity<\/h4>Ji\u0159\u00ed Ledvinka (1968, Praha) byl v letech 2000-2006 p\u0159edsedou ob\u010dansk\u00e9ho sdru\u017een\u00ed \u010cesk\u00e9 spole\u010dnosti po du\u0161evn\u00ed nyn\u00ed zdrav\u00ed. V sou\u010dasn\u00e9 dob\u011b vede volno\u010dasovou aktivitu tr\u00e9ninky stoln\u00edho tenisu a vypom\u00e1h\u00e1 v\u00a0kancel\u00e1\u0159i. Uva\u017euje i o veden\u00ed dal\u0161\u00edch sportovn\u00edch a volno\u010dasov\u00fdch aktivit, bude-li z\u00e1jem klient\u016f.<div class=\"thememount-team-cat-links\"><a href=\"https:\/\/design.csdz.cz\/design\/Skupina\/terapie-a-prevence\" rel=\"tag\">Terapie a prevence<\/a><\/div><\/div>\n\t<\/div>\n\t<\/div><\/div>[\/vc_column][\/vc_row][vc_row bgtype=&#8220;grey&#8220;][vc_column][vc_empty_space]<div class=\"row  thememount-portfolio-boxes-wrapper thememount-portfolio-view-carousel thememount-effect-carousel thememount-items-col-three thememount-carousel-col-three thememount-pf-ajax-sorting-no\" \r\n\t\tdata-show=\"10\" \r\n\t\tdata-column=\"three\" \r\n\t\tdata-pagination=\"no\" \r\n\t\tdata-category=\"chcete-spolecne-hledat-reseni-potrebujete-se-poradit,terapeuticka-podpora-rodicu-se-zkusenosti-s-dusevnim-onemocnenim,job_klub,tvorive_odpoledne,tenis,objevte-svuj-herecky-talent,zdravi,joga,dilna,terenni-tym-v-ramci-podpory-doplnkove-aktivity-norskych-fondu-pro-klienty-s-dusevnim-onemocnenim\"\r\n\t\tdata-orderby=\"\"\r\n\t\tdata-order=\"DESC\"\r\n\t\tdata-paged=\"1\"\r\n\t\tdata-sortable=\"no\"\r\n\t\tdata-catorderby=\"\"\r\n\t\tdata-catorder=\"ASC\"\r\n\t\tid=\"thememount-portfolio-id-82161406\"   data-autoplay=\"1\" data-autoplayspeed=\"800\" data-autoplaytimeout=\"4500\" data-loop=\"1\"><div class=\"thememount-portfolio-text col-xs-12 col-sm-12 col-md-12 col-lg-12\"><header class=\"thememount-heading-wrapper thememount-heading-wrapper-align-center\"><div class=\"thememount-heading-wrapper-inner\"><h2 class=\"thememount-heading-align-center\"><span>VZD\u011aL\u00c1VAC\u00cd, TR\u00c9NINKOV\u00c9 A Z\u00c1JMOV\u00c9 AKTIVITY<\/span><\/h2><\/div><p class=\"thememount-subheading\">P\u0159ij\u010fte si k n\u00e1m pro radu, pro pomoc nebo si vyberte n\u011bkterou z na\u0161ich z\u00e1jmov\u00fdch aktivit!<\/p><div class=\"thememount-carousel-controls-inner\"><a href=\"javascript:void(0)\" class=\"thememount-carousel-prev\"><span class=\"wpb_button\"><i class=\"tmicon-fa-angle-left\"><\/i><\/span><\/a><a href=\"javascript:void(0)\" class=\"thememount-carousel-next\"><span class=\"wpb_button\"><i class=\"tmicon-fa-angle-right\"><\/i><\/span><\/a><\/div><\/header><\/div><div class=\"thememount-portfolio-boxes col-xs-12 col-sm-12 col-md-12 col-lg-12\"><div class=\"thememount-items-wrapper thememount-carousel-items-wrapper thememount-portfolio-boxes-inner portfolio-wrapper row\">\r\n\t\t<article class=\"portfolio-box tm-box col-lg-4 col-sm-6 col-md-4 col-xs-12 objevte-svuj-herecky-talent thememount-box\">\r\n\t\t\t<div class=\"item\">\r\n\t\t\t\t<div class=\"item-thumbnail\">\r\n\t\t\t\t\t<img loading=\"lazy\" decoding=\"async\" width=\"720\" height=\"406\" src=\"https:\/\/design.csdz.cz\/design\/wp-content\/uploads\/2022\/01\/people-2567915_1920-720x406.jpg\" class=\"attachment-portfolio-three-column size-portfolio-three-column wp-post-image\" alt=\"\" srcset=\"https:\/\/design.csdz.cz\/design\/wp-content\/uploads\/2022\/01\/people-2567915_1920-720x406.jpg 720w, https:\/\/design.csdz.cz\/design\/wp-content\/uploads\/2022\/01\/people-2567915_1920-1110x624.jpg 1110w, https:\/\/design.csdz.cz\/design\/wp-content\/uploads\/2022\/01\/people-2567915_1920-750x422.jpg 750w, https:\/\/design.csdz.cz\/design\/wp-content\/uploads\/2022\/01\/people-2567915_1920-727x409.jpg 727w\" sizes=\"auto, (max-width: 720px) 100vw, 720px\" \/>\r\n\t\t\t\t\t<div class=\"overthumb\"><\/div>\r\n\t\t\t\t\t<div class=\"icons\">\r\n\t\t\t\t\t\t<a href=\"https:\/\/design.csdz.cz\/design\/wp-content\/uploads\/2022\/01\/people-2567915_1920.jpg\" class=\"thememount_pf_featured\" title=\"Sv\u00e9pomocn\u00e1 skupina GPS\" data-rel=\"prettyPhoto\"><i class=\"tmicon-fa-image\"><\/i><\/a>\r\n\t\t\t\t\t\t<a href=\"https:\/\/design.csdz.cz\/design\/portfolio\/autorske-divadlo-bohem\" class=\"thememount_pf_link\"><i class=\"tmicon-fa-link\"><\/i><\/a>\r\n\t\t\t\t\t<\/div>\r\n\t\t\t\t<\/div>\r\n\t\t\t\t<div class=\"item-content\">\r\n\t\t\t\t\t<!-- Like -->\r\n\t\t\t\t<div class=\"thememount-portfolio-likes-wrapper\">\r\n\t\t\t\t\t<a class=\"thememount-portfolio-likes \" href=\"#\" id=\"pid-2726\">\r\n\t\t\t\t\t\t<i class=\"tmicon-fa-heart-o\"><\/i>&nbsp;100\r\n\t\t\t\t\t<\/a>\r\n\t\t\t\t<\/div>\r\n\t\t\t\t\t<h4><a href=\"https:\/\/design.csdz.cz\/design\/portfolio\/autorske-divadlo-bohem\">Sv\u00e9pomocn\u00e1 skupina GPS<\/a><\/h4>\r\n\t\t\t\t\t<p>Aktu\u00e1ln\u011b hled\u00e1me nov\u00e9 \u010dleny<\/p>\r\n\t\t\t\t<\/div>\r\n\t\t\t<\/div>\r\n\t\t\t\r\n\t\t<\/article>\r\n\t\r\n\t\t<article class=\"portfolio-box tm-box col-lg-4 col-sm-6 col-md-4 col-xs-12 joga thememount-box\">\r\n\t\t\t<div class=\"item\">\r\n\t\t\t\t<div class=\"item-thumbnail\">\r\n\t\t\t\t\t<img loading=\"lazy\" decoding=\"async\" width=\"720\" height=\"406\" src=\"https:\/\/design.csdz.cz\/design\/wp-content\/uploads\/2015\/08\/balance-110850-720x406.jpg\" class=\"attachment-portfolio-three-column size-portfolio-three-column wp-post-image\" alt=\"\" srcset=\"https:\/\/design.csdz.cz\/design\/wp-content\/uploads\/2015\/08\/balance-110850-720x406.jpg 720w, https:\/\/design.csdz.cz\/design\/wp-content\/uploads\/2015\/08\/balance-110850-1110x624.jpg 1110w, https:\/\/design.csdz.cz\/design\/wp-content\/uploads\/2015\/08\/balance-110850-750x422.jpg 750w, https:\/\/design.csdz.cz\/design\/wp-content\/uploads\/2015\/08\/balance-110850-727x409.jpg 727w\" sizes=\"auto, (max-width: 720px) 100vw, 720px\" \/>\r\n\t\t\t\t\t<div class=\"overthumb\"><\/div>\r\n\t\t\t\t\t<div class=\"icons\">\r\n\t\t\t\t\t\t<a href=\"https:\/\/design.csdz.cz\/design\/wp-content\/uploads\/2015\/08\/balance-110850.jpg\" class=\"thememount_pf_featured\" title=\"Cvi\u010den\u00ed hathaj\u00f3gy\" data-rel=\"prettyPhoto\"><i class=\"tmicon-fa-image\"><\/i><\/a>\r\n\t\t\t\t\t\t<a href=\"https:\/\/design.csdz.cz\/design\/portfolio\/relaxacni-techniky\" class=\"thememount_pf_link\"><i class=\"tmicon-fa-link\"><\/i><\/a>\r\n\t\t\t\t\t<\/div>\r\n\t\t\t\t<\/div>\r\n\t\t\t\t<div class=\"item-content\">\r\n\t\t\t\t\t<!-- Like -->\r\n\t\t\t\t<div class=\"thememount-portfolio-likes-wrapper\">\r\n\t\t\t\t\t<a class=\"thememount-portfolio-likes \" href=\"#\" id=\"pid-2228\">\r\n\t\t\t\t\t\t<i class=\"tmicon-fa-heart-o\"><\/i>&nbsp;93\r\n\t\t\t\t\t<\/a>\r\n\t\t\t\t<\/div>\r\n\t\t\t\t\t<h4><a href=\"https:\/\/design.csdz.cz\/design\/portfolio\/relaxacni-techniky\">Cvi\u010den\u00ed hathaj\u00f3gy<\/a><\/h4>\r\n\t\t\t\t\t<p>P\u0159ij\u010fte si s n\u00e1mi zacvi\u010dit<\/p>\r\n\t\t\t\t<\/div>\r\n\t\t\t<\/div>\r\n\t\t\t\r\n\t\t<\/article>\r\n\t\r\n\t\t<article class=\"portfolio-box tm-box col-lg-4 col-sm-6 col-md-4 col-xs-12 tenis thememount-box\">\r\n\t\t\t<div class=\"item\">\r\n\t\t\t\t<div class=\"item-thumbnail\">\r\n\t\t\t\t\t<img loading=\"lazy\" decoding=\"async\" width=\"720\" height=\"406\" src=\"https:\/\/design.csdz.cz\/design\/wp-content\/uploads\/2015\/08\/white-board-593349-720x406.jpg\" class=\"attachment-portfolio-three-column size-portfolio-three-column wp-post-image\" alt=\"\" srcset=\"https:\/\/design.csdz.cz\/design\/wp-content\/uploads\/2015\/08\/white-board-593349-720x406.jpg 720w, https:\/\/design.csdz.cz\/design\/wp-content\/uploads\/2015\/08\/white-board-593349-1110x624.jpg 1110w, https:\/\/design.csdz.cz\/design\/wp-content\/uploads\/2015\/08\/white-board-593349-750x422.jpg 750w, https:\/\/design.csdz.cz\/design\/wp-content\/uploads\/2015\/08\/white-board-593349-727x409.jpg 727w\" sizes=\"auto, (max-width: 720px) 100vw, 720px\" \/>\r\n\t\t\t\t\t<div class=\"overthumb\"><\/div>\r\n\t\t\t\t\t<div class=\"icons\">\r\n\t\t\t\t\t\t<a href=\"https:\/\/design.csdz.cz\/design\/wp-content\/uploads\/2015\/08\/white-board-593349-scaled.jpg\" class=\"thememount_pf_featured\" title=\"Tr\u00e9ninky stoln\u00edho tenisu\" data-rel=\"prettyPhoto\"><i class=\"tmicon-fa-image\"><\/i><\/a>\r\n\t\t\t\t\t\t<a href=\"https:\/\/design.csdz.cz\/design\/portfolio\/treninky-stolniho-tenisu\" class=\"thememount_pf_link\"><i class=\"tmicon-fa-link\"><\/i><\/a>\r\n\t\t\t\t\t<\/div>\r\n\t\t\t\t<\/div>\r\n\t\t\t\t<div class=\"item-content\">\r\n\t\t\t\t\t<!-- Like -->\r\n\t\t\t\t<div class=\"thememount-portfolio-likes-wrapper\">\r\n\t\t\t\t\t<a class=\"thememount-portfolio-likes \" href=\"#\" id=\"pid-2226\">\r\n\t\t\t\t\t\t<i class=\"tmicon-fa-heart-o\"><\/i>&nbsp;135\r\n\t\t\t\t\t<\/a>\r\n\t\t\t\t<\/div>\r\n\t\t\t\t\t<h4><a href=\"https:\/\/design.csdz.cz\/design\/portfolio\/treninky-stolniho-tenisu\">Tr\u00e9ninky stoln\u00edho tenisu<\/a><\/h4>\r\n\t\t\t\t\t<p>Nam\u00e1te p\u00e1lku? My v\u00e1m ji p\u016fj\u010d\u00edme!<\/p>\r\n\t\t\t\t<\/div>\r\n\t\t\t<\/div>\r\n\t\t\t\r\n\t\t<\/article>\r\n\t\r\n\t\t<article class=\"portfolio-box tm-box col-lg-4 col-sm-6 col-md-4 col-xs-12 zdravi thememount-box\">\r\n\t\t\t<div class=\"item\">\r\n\t\t\t\t<div class=\"item-thumbnail\">\r\n\t\t\t\t\t<img loading=\"lazy\" decoding=\"async\" width=\"720\" height=\"406\" src=\"https:\/\/design.csdz.cz\/design\/wp-content\/uploads\/2015\/08\/jump-628431-720x406.jpg\" class=\"attachment-portfolio-three-column size-portfolio-three-column wp-post-image\" alt=\"\" srcset=\"https:\/\/design.csdz.cz\/design\/wp-content\/uploads\/2015\/08\/jump-628431-720x406.jpg 720w, https:\/\/design.csdz.cz\/design\/wp-content\/uploads\/2015\/08\/jump-628431-1110x624.jpg 1110w, https:\/\/design.csdz.cz\/design\/wp-content\/uploads\/2015\/08\/jump-628431-750x422.jpg 750w, https:\/\/design.csdz.cz\/design\/wp-content\/uploads\/2015\/08\/jump-628431-727x409.jpg 727w\" sizes=\"auto, (max-width: 720px) 100vw, 720px\" \/>\r\n\t\t\t\t\t<div class=\"overthumb\"><\/div>\r\n\t\t\t\t\t<div class=\"icons\">\r\n\t\t\t\t\t\t<a href=\"https:\/\/design.csdz.cz\/design\/wp-content\/uploads\/2015\/08\/jump-628431-scaled.jpg\" class=\"thememount_pf_featured\" title=\"Podpora spole\u010densk\u00e9ho vy\u017eit\u00ed  a zdrav\u00e9ho \u017eivotn\u00edho stylu\" data-rel=\"prettyPhoto\"><i class=\"tmicon-fa-image\"><\/i><\/a>\r\n\t\t\t\t\t\t<a href=\"https:\/\/design.csdz.cz\/design\/portfolio\/program-pro-dobre-zdravi\" class=\"thememount_pf_link\"><i class=\"tmicon-fa-link\"><\/i><\/a>\r\n\t\t\t\t\t<\/div>\r\n\t\t\t\t<\/div>\r\n\t\t\t\t<div class=\"item-content\">\r\n\t\t\t\t\t<!-- Like -->\r\n\t\t\t\t<div class=\"thememount-portfolio-likes-wrapper\">\r\n\t\t\t\t\t<a class=\"thememount-portfolio-likes \" href=\"#\" id=\"pid-2222\">\r\n\t\t\t\t\t\t<i class=\"tmicon-fa-heart-o\"><\/i>&nbsp;25\r\n\t\t\t\t\t<\/a>\r\n\t\t\t\t<\/div>\r\n\t\t\t\t\t<h4><a href=\"https:\/\/design.csdz.cz\/design\/portfolio\/program-pro-dobre-zdravi\">Podpora spole\u010densk\u00e9ho vy\u017eit\u00ed  a zdrav\u00e9ho \u017eivotn\u00edho stylu<\/a><\/h4>\r\n\t\t\t\t\t<p>Poj\u010fme spolu pob\u00fdt!<\/p>\r\n\t\t\t\t<\/div>\r\n\t\t\t<\/div>\r\n\t\t\t\r\n\t\t<\/article>\r\n\t<\/div><!-- .thememount-items-wrapper --><\/div><\/div>[\/vc_column][\/vc_row][vc_row css=&#8220;.vc_custom_1440671530129{background-color: rgba(255,255,255,0.01) !important;*background-color: rgb(255,255,255) !important;}&#8220;][vc_column][vc_empty_space]<header class=\"thememount-heading-wrapper thememount-heading-wrapper-align-center\"><div class=\"thememount-heading-wrapper-inner\"><h3 class=\"thememount-heading-align-center\"><span>VYU\u017d\u00cdVAN\u00c9 DOTACE, GRANTY, NA\u0160I SPONZO\u0158I<\/span><\/h3><\/div><p class=\"thememount-subheading\">Slu\u017eby \u010cSDZ jsou spolufinancov\u00e1ny p\u0159edev\u0161\u00edm prost\u0159ednictv\u00edm dotac\u00ed\/grant\u016f MHMP, Ministerstva zdravotnictv\u00ed a sponzorsk\u00fdch dar\u016f pr\u00e1vnick\u00fdch i fyzick\u00fdch osob. K realizaci na\u0161ich projekt\u016f v\u00fdrazn\u011b p\u0159isp\u011bly Struktur\u00e1ln\u00ed a investi\u010dn\u00ed fondy Evropsk\u00e9 unie a Norsk\u00e9 fondy. D\u011bkujeme za podporu tak\u00e9 Nadaci \u010cEZ, Pankr\u00e1ci, a.s. a dal\u0161\u00edm sponzor\u016fm.<\/p><\/header>[vc_empty_space][vc_single_image image=&#8220;4827&#8243; img_size=&#8220;full&#8220; alignment=&#8220;center&#8220; onclick=&#8220;custom_link&#8220; css=&#8220;&#8220;][\/vc_column][\/vc_row]<\/p>\n<\/div>","protected":false},"excerpt":{"rendered":"<p>[vc_row css=&#8220;.vc_custom_1630655055270{background-color: #81d8f4 !important;}&#8220;][vc_column][vc_cta h2=&#8220;Na\u0161e programy pro v\u00e1s spolufinancovan\u00e9 s Hl. M\u011bstem Praha&#8220; h4=&#8220;Program pro dobr\u00e9 zdrav\u00ed, Prevence d\u011bt\u00ed du\u0161evn\u011b nemocn\u00fdch rodi\u010d\u016f, Individu\u00e1ln\u00ed i skupinovou terapi\u00ed k prevenci recidivy depres\u00ed a pos\u00edlen\u00ed sebed\u016fv\u011bry&#8220; shape=&#8220;round&#8220; style=&#8220;flat&#8220; color=&#8220;orange&#8220; add_button=&#8220;right&#8220; btn_title=&#8220;NAV\u0160TIVTE N\u00c1S&#8220; btn_size=&#8220;lg&#8220; btn_i_icon_fontawesome=&#8220;fa fa-solid fa-hands&#8220; btn_css_animation=&#8220;fadeInRight&#8220; add_icon=&#8220;left&#8220; i_icon_fontawesome=&#8220;fa fa-solid fa-handshake-angle&#8220; css_animation=&#8220;left-to-right&#8220; css=&#8220;&#8220; btn_add_icon=&#8220;true&#8220; btn_link=&#8220;url:https%3A%2F%2Fdesign.csdz.cz%2Fdesign%2Fpublicita|title:Publicita|target:_blank&#8220; i_link=&#8220;url:https%3A%2F%2Fdesign.csdz.cz%2Fdesign%2Fpublicita|title:Publicita&#8220;][\/vc_cta][vc_gallery interval=&#8220;3&#8243; images=&#8220;4600,4634,4871,4601,4872,4815,4635,2884,4816,4636,4873&#8243; [&hellip;]<\/p>\n","protected":false},"author":1,"featured_media":0,"parent":0,"menu_order":2,"comment_status":"closed","ping_status":"closed","template":"","meta":{"footnotes":""},"class_list":["post-394","page","type-page","status-publish","hentry"],"_links":{"self":[{"href":"https:\/\/design.csdz.cz\/design\/wp-json\/wp\/v2\/pages\/394","targetHints":{"allow":["GET"]}}],"collection":[{"href":"https:\/\/design.csdz.cz\/design\/wp-json\/wp\/v2\/pages"}],"about":[{"href":"https:\/\/design.csdz.cz\/design\/wp-json\/wp\/v2\/types\/page"}],"author":[{"embeddable":true,"href":"https:\/\/design.csdz.cz\/design\/wp-json\/wp\/v2\/users\/1"}],"replies":[{"embeddable":true,"href":"https:\/\/design.csdz.cz\/design\/wp-json\/wp\/v2\/comments?post=394"}],"version-history":[{"count":17,"href":"https:\/\/design.csdz.cz\/design\/wp-json\/wp\/v2\/pages\/394\/revisions"}],"predecessor-version":[{"id":4874,"href":"https:\/\/design.csdz.cz\/design\/wp-json\/wp\/v2\/pages\/394\/revisions\/4874"}],"wp:attachment":[{"href":"https:\/\/design.csdz.cz\/design\/wp-json\/wp\/v2\/media?parent=394"}],"curies":[{"name":"wp","href":"https:\/\/api.w.org\/{rel}","templated":true}]}}